{"id":220,"date":"2016-06-02T18:20:22","date_gmt":"2016-06-02T17:20:22","guid":{"rendered":"http:\/\/filipesantiago.pt\/?page_id=220"},"modified":"2024-07-22T13:41:10","modified_gmt":"2024-07-22T12:41:10","slug":"sobre_antigo","status":"publish","type":"page","link":"https:\/\/filipesantiago.pt\/en\/sobre_antigo\/","title":{"rendered":"Sobre_antigo"},"content":{"rendered":"<p>[vc_row][vc_column][vc_column_text]<\/p>\n<p style=\"text-align: justify;\"><img decoding=\"async\" class=\"aligncenter size-full wp-image-3061\" src=\"https:\/\/filipesantiago.pt\/wp-content\/uploads\/2016\/06\/Filipe-Santiago-Fotografia-Casamento-sobre-quem-e\u0301-Fotografos-de-Sobre-Quem-e\u0301-Localizac\u0327a\u0303o-zona-de-Mafra-Lisboa-Photographer-Lisbon-Best-Venues-Natural-Criative-Melhores-Marta.jpg\" alt=\"Filipe-Santiago-Fotografia---Casamento-sobre-quem e\u0301-Fotografos-de---Sobre---Quem-e\u0301---Localizac\u0327a\u0303o---zona-de-Mafra---Lisboa---Photographer-Lisbon-Best---Venues---Natural---Criative---Melhores- Marta\" width=\"2000\" height=\"627\" srcset=\"https:\/\/filipesantiago.pt\/wp-content\/uploads\/2016\/06\/Filipe-Santiago-Fotografia-Casamento-sobre-quem-e\u0301-Fotografos-de-Sobre-Quem-e\u0301-Localizac\u0327a\u0303o-zona-de-Mafra-Lisboa-Photographer-Lisbon-Best-Venues-Natural-Criative-Melhores-Marta.jpg 2000w, https:\/\/filipesantiago.pt\/wp-content\/uploads\/2016\/06\/Filipe-Santiago-Fotografia-Casamento-sobre-quem-e\u0301-Fotografos-de-Sobre-Quem-e\u0301-Localizac\u0327a\u0303o-zona-de-Mafra-Lisboa-Photographer-Lisbon-Best-Venues-Natural-Criative-Melhores-Marta-300x94.jpg 300w, https:\/\/filipesantiago.pt\/wp-content\/uploads\/2016\/06\/Filipe-Santiago-Fotografia-Casamento-sobre-quem-e\u0301-Fotografos-de-Sobre-Quem-e\u0301-Localizac\u0327a\u0303o-zona-de-Mafra-Lisboa-Photographer-Lisbon-Best-Venues-Natural-Criative-Melhores-Marta-768x241.jpg 768w, https:\/\/filipesantiago.pt\/wp-content\/uploads\/2016\/06\/Filipe-Santiago-Fotografia-Casamento-sobre-quem-e\u0301-Fotografos-de-Sobre-Quem-e\u0301-Localizac\u0327a\u0303o-zona-de-Mafra-Lisboa-Photographer-Lisbon-Best-Venues-Natural-Criative-Melhores-Marta-1024x321.jpg 1024w\" sizes=\"(max-width: 2000px) 100vw, 2000px\" \/><\/p>\n<p class=\"p1\">O meu nome \u00e9 Filipe Santiago, estou casado com a marta desde 2017, no mesmo ano em que decidi dedicar-me 100% \u00e0 fotografia de casamento. em 2021 a fam\u00edlia cresceu com o nascimento do nosso Daniel e pass\u00e1mos a pertencer ao clube dos pais babados! Atualmente trabalhamos em casal, a full time, para juntos servir melhor os nossos queridos noivos.<\/p>\n<p>Captar o<span class=\"Apple-converted-space\">\u00a0 <\/span>vosso \u201cSim!\u201d mais importante tornou-se em mais do que um trabalho, \u00e9 aquilo que nos tem levado a conhecer hist\u00f3rias cujo registo vai bem al\u00e9m de um \u00fanico dia, com toda a carga emotiva e significado que essa data representa nas vossas vidas, e na vida dos que vos rodeiam.<br \/>\nO que mais nos motiva \u00e9 registar com naturalidade a vossa cumplicidade, as rea\u00e7\u00f5es dos convidados, a envolv\u00eancia e a riqueza dos detalhes. O nosso foco \u00e9 que tenham o vosso dia eternizado atrav\u00e9s de fotografias memor\u00e1veis, momentos \u00fanicos, relembrados de uma forma criativa.<\/p>\n<p class=\"p1\">Cada trabalho que fa\u00e7o \u00e9 \u00fanico, tal como voc\u00eas.<br \/>\nTeremos muito gosto em ouvir a vossa hist\u00f3ria e fazer tamb\u00e9m parte dela.<\/p>\n<p>[\/vc_column_text][\/vc_column][\/vc_row][vc_row][vc_column][vc_column_text]<\/p>\n<div class=\"_4tdt _ua1\"><\/div>\n<div class=\"_4tdt _ua0\"><\/div>\n<p style=\"text-align: center;\"><a href=\"https:\/\/inspirationphotographers.com\/top-100-overall-2020-wedding-photographers\/\" target=\"_blank\" rel=\"noopener\"> <img decoding=\"async\" src=\"https:\/\/filipesantiago.pt\/wp-content\/uploads\/2016\/06\/top100_Photographer_Portugal_Fotografos_Melhores_Lisboa_FilipeSantiagoFotografia.png\" width=\"120\" \/><\/a>\u00a0<a href=\"http:\/\/www.zankyou.pt\/f\/filipe-santiago-509198\" target=\"_blank\" rel=\"noopener\"><img decoding=\"async\" src=\"https:\/\/asset1.zankyou.com\/img\/sections\/badgets\/zk_recommend\/circle\/badge_white_pt.png\" width=\"120\" \/><\/a>\u00a0\u00a0<a title=\"Filipe Santiago Fotografia, vencedor Wedding Awards 2022 casamentos.pt\" href=\"https:\/\/www.casamentos.pt\/fotografo-casamento\/filipe-santiago-fotografia--e108321\" target=\"_blank\" rel=\"noopener\"><img decoding=\"async\" id=\"wp-rated-img\" src=\"https:\/\/filipesantiago.pt\/wp-content\/uploads\/2016\/06\/vencedor-dps-weddingawards-Foto\u0301grafos-Portugal-Casamentospt-Filipe-Santiago-Fotografia-Melhores-em-Lisboa-Mafra-Malveira-Fotografia-Natural-Top-Fotografo-Portugue\u0302s-2022-2023.jpg\" alt=\"Filipe Santiago Fotografia, vencedor Wedding Awards 2022 casamentos.pt\" width=\"125\" height=\"125\" \/><\/a>\u00a0<a title=\"Filipe Santiago Fotografia, vencedor Wedding Awards 2016 casamentos.pt \" href=\"https:\/\/www.casamentos.pt\/fotografo-casamento\/filipe-santiago-fotografia--e108321\" target=\"_blank\" rel=\"noopener\"><img decoding=\"async\" id=\"wp-ratedWA-img-2016\" src=\"https:\/\/cdn1.casamentos.pt\/img\/badges\/2016\/badge-weddingawards_pt_PT.jpg\" alt=\"Filipe Santiago Fotografia, vencedor Wedding Awards 2016 casamentos.pt \" width=\"125\" height=\"125\" \/><\/a><\/p>\n<p>[\/vc_column_text][\/vc_column][\/vc_row][vc_row][vc_column][vc_column_text]<script src=\"https:\/\/cdn1.casamentos.pt\/js\/wp-widget.js?symfnw-PT69-1-20230607-006_www_m_\"><\/script><\/p>\n<div id=\"wp-widget-reviews\">\n<div id=\"wp-widget-preview\">\n        Leia <a href=\"https:\/\/www.casamentos.pt\/fotografo-casamento\/filipe-santiago-fotografia--e108321\/opinioes\" rel=\"nofollow noopener\" target=\"_blank\">as nossas opini\u00f5es<\/a> em &nbsp;<br \/>\n<a href=\"https:\/\/www.casamentos.pt\" rel=\"nofollow noopener\" target=\"_blank\"><br \/>\n<img decoding=\"async\" src=\"https:\/\/cdn1.casamentos.pt\/assets\/img\/logos\/gen_logoHeader.svg\" height=\"20\"><br \/>\n<\/a><\/div>\n<\/div>\n<p><script>wpShowReviews(108321, \"black\");<\/script><br \/>\n[\/vc_column_text][\/vc_column][\/vc_row]<\/p>","protected":false},"excerpt":{"rendered":"<p>[vc_row][vc_column][vc_column_text] O meu nome \u00e9 Filipe Santiago, estou casado com a marta desde 2017, no mesmo ano em que decidi dedicar-me 100% \u00e0 fotografia de casamento. em 2021 a fam\u00edlia cresceu com o nascimento do nosso Daniel e pass\u00e1mos a pertencer ao clube dos pais babados! Atualmente trabalhamos em casal, a full time, para juntos&#8230;<\/p>","protected":false},"author":1,"featured_media":0,"parent":0,"menu_order":0,"comment_status":"closed","ping_status":"closed","template":"","meta":{"_monsterinsights_skip_tracking":false,"_monsterinsights_sitenote_active":false,"_monsterinsights_sitenote_note":"","_monsterinsights_sitenote_category":0,"_kadence_starter_templates_imported_post":false,"_kad_post_transparent":"","_kad_post_title":"","_kad_post_layout":"","_kad_post_sidebar_id":"","_kad_post_content_style":"","_kad_post_vertical_padding":"","_kad_post_feature":"","_kad_post_feature_position":"","_kad_post_header":false,"_kad_post_footer":false,"footnotes":""},"class_list":["post-220","page","type-page","status-publish","hentry"],"_links":{"self":[{"href":"https:\/\/filipesantiago.pt\/en\/wp-json\/wp\/v2\/pages\/220","targetHints":{"allow":["GET"]}}],"collection":[{"href":"https:\/\/filipesantiago.pt\/en\/wp-json\/wp\/v2\/pages"}],"about":[{"href":"https:\/\/filipesantiago.pt\/en\/wp-json\/wp\/v2\/types\/page"}],"author":[{"embeddable":true,"href":"https:\/\/filipesantiago.pt\/en\/wp-json\/wp\/v2\/users\/1"}],"replies":[{"embeddable":true,"href":"https:\/\/filipesantiago.pt\/en\/wp-json\/wp\/v2\/comments?post=220"}],"version-history":[{"count":24,"href":"https:\/\/filipesantiago.pt\/en\/wp-json\/wp\/v2\/pages\/220\/revisions"}],"predecessor-version":[{"id":3993,"href":"https:\/\/filipesantiago.pt\/en\/wp-json\/wp\/v2\/pages\/220\/revisions\/3993"}],"wp:attachment":[{"href":"https:\/\/filipesantiago.pt\/en\/wp-json\/wp\/v2\/media?parent=220"}],"curies":[{"name":"wp","href":"https:\/\/api.w.org\/{rel}","templated":true}]}}